{"id":27828,"date":"2026-09-02T11:37:28","date_gmt":"2026-09-02T08:37:28","guid":{"rendered":"https:\/\/agentialuximobiliare.ro\/?post_type=estate_property&#038;p=27828"},"modified":"2026-09-02T11:37:43","modified_gmt":"2026-09-02T08:37:43","slug":"id-8297-spatiu-comercial-116-mp-vitrina-10-m-ultracentral","status":"publish","type":"estate_property","link":"https:\/\/agentialuximobiliare.ro\/en\/proprietate\/id-8297-spatiu-comercial-116-mp-vitrina-10-m-ultracentral\/","title":{"rendered":"ID 8297 Spa\u021biu comercial 116 mp | Vitrin\u0103 10 m | ULTRACENTRAL"},"content":{"rendered":"\n<p class=\"wp-block-paragraph\"><img decoding=\"async\" height=\"16\" width=\"16\" alt=\"\ud83d\udd25\" src=\"https:\/\/static.xx.fbcdn.net\/images\/emoji.php\/v9\/t50\/1\/16\/1f525.png\"> OPORTUNITATE ULTRACENTRAL\u0102 | Spa\u021biu Comercial 116 mp | Vitrin\u0103 10 m | Zona Pia\u021ba Civic\u0103 \u2013 Falez\u0103 | 3.500 \u20ac \/ lun\u0103<\/p>\n\n\n\n<p class=\"wp-block-paragraph\">C\u0103u\u021bi loca\u021bia ideal\u0103 cu vizibilitate maxim\u0103 pentru afacerea ta?<\/p>\n\n\n\n<p class=\"wp-block-paragraph\">LUX Imobiliare \u00ee\u021bi propune spre \u00eenchiriere un spa\u021biu comercial premium, situat chiar \u00een inima comercial\u0103 a ora\u0219ului, \u00eentr-o zon\u0103 extrem de c\u0103utat\u0103 cu trafic pietonal \u0219i auto intens!<\/p>\n\n\n\n<p class=\"wp-block-paragraph\"><img decoding=\"async\" height=\"16\" width=\"16\" alt=\"\ud83c\udfaf\" src=\"https:\/\/static.xx.fbcdn.net\/images\/emoji.php\/v9\/tb0\/1\/16\/1f3af.png\"> De ce este spa\u021biul perfect pentru business-ul t\u0103u:<\/p>\n\n\n\n<p class=\"wp-block-paragraph\">\u2022 Suprafa\u021b\u0103 generoas\u0103: 116,21 mp utiliza\u021bi inteligent<\/p>\n\n\n\n<p class=\"wp-block-paragraph\">\u2022 Expunere de top: Vitrin\u0103 spectaculoas\u0103 de 9,9 metri liniari pentru o vizibilitate excelent\u0103<\/p>\n\n\n\n<p class=\"wp-block-paragraph\">\u2022 Accesibilitate &amp; Logistic\u0103: Intrare stradal\u0103 direct\u0103 pentru clien\u021bi + acces secundar prin spate dedicat aprovizion\u0103rii<\/p>\n\n\n\n<p class=\"wp-block-paragraph\">\u2022 Compartimentare eficient\u0103: Sal\u0103 de v\u00e2nzare \/ prezentare, birou administrativ, spa\u021biu de depozitare \u0219i grup sanitar<\/p>\n\n\n\n<p class=\"wp-block-paragraph\">\u2022 Facilit\u0103\u021bi: Central\u0103 termic\u0103 proprie pe gaz \u0219i posibilit\u0103\u021bi de parcare \u00een imediata apropiere<\/p>\n\n\n\n<p class=\"wp-block-paragraph\"><img decoding=\"async\" height=\"16\" width=\"16\" alt=\"\ud83d\udcb6\" src=\"https:\/\/static.xx.fbcdn.net\/images\/emoji.php\/v9\/t60\/1\/16\/1f4b6.png\"> Pre\u021b chirie: 3.500 \u20ac \/ lun\u0103<\/p>\n\n\n\n<p class=\"wp-block-paragraph\"><img loading=\"lazy\" decoding=\"async\" height=\"16\" width=\"16\" alt=\"\ud83d\udcde\" src=\"https:\/\/static.xx.fbcdn.net\/images\/emoji.php\/v9\/t4d\/1\/16\/1f4de.png\"> Sun\u0103 rapid pentru detalii \u0219i vizionare:<\/p>\n\n\n\n<p class=\"wp-block-paragraph\">\u2022 Marin Nicolae: <a href=\"https:\/\/l.facebook.com\/l.php?u=https%3A%2F%2Fapi.whatsapp.com%2Fsend%3Fphone%3D40740374650%26token%3DeyJhbGciOiJFUzI1NiIsInR5cCI6IkpXVCIsImtpZCI6IjEyNSJ9.eyJleHAiOjE3ODg0MjQzNzYsInBob25lIjoiNDA3NDAzNzQ2NTAiLCJ0ZXh0IjoiTGluazpcbmh0dHBzOlwvXC9mYi5tZVwvNDk2a2Q5T2lOXG5cbkFtIHZcdTAxMDN6dXQgYXN0YSBwZSBGYWNlYm9vay4uLiIsImFwcCI6ImZhY2Vib29rIn0.-3DL5x2yp-jzQSV2O2-MWBO70b6aNJvQdB0lwKaIRLwBqVP5zQQfJz_ocMaHRr_iD8mDCSNHEJDm7X0iFeacGQ%26fbclid%3DIwcGRvZgFleHRuA2FlbQIxMABicmlkETFydU1aTWNqcDMwR0ppQ3FGc3J0YwZhcHBfaWQQMjIyMDM5MTc4ODIwMDg5MgABHhWiacBuj0UHjDCHSKf6nW_19xczKcZ9VkyRIwSdrV0bR6sQx960cL8AEcoE_aem_cMTcLUuy_m4hnNSOUanjxw&amp;h=AUCUD4Nup9f95g237N_Ac19oHQKKCbfDaK9RCWdlC3iqa72oTyllgv3myA3pSByW-Sni95aKPQZCAinwirE-A8ZjYQTtfc-WozidVG4rWIJxux-iFNlGhodkWgAkjRoSnd9wbQ&amp;__tn__=-UK-R&amp;c[0]=AUBABsMKsB-t7s7irDBWDbGIo5hg47lZmPW1zJNeRJs6qZs1KoGpKMoJbc8DmaLlQz-ulrp79hN5cc-_fiJLPGll7sThTDTK99Jfhix3o5x11L1eVS16V2tFjjnSi57HRUcPdTYr-v1sfLu5dNdzQWfMXqpdZEqc_BLcQpnXhmK-ZXvCGmGWtMsVKEcfjSg\" rel=\"noopener\" target=\"_blank\">0740 374 650<\/a><\/p>\n\n\n\n<p class=\"wp-block-paragraph\">\u2022 Alina: 0744 814 740<\/p>\n\n\n\n<p class=\"wp-block-paragraph\">\u2022 Ioana: 0756 557 146<\/p>\n\n\n\n<p class=\"wp-block-paragraph\"><img loading=\"lazy\" decoding=\"async\" height=\"16\" width=\"16\" alt=\"\ud83d\udce7\" src=\"https:\/\/static.xx.fbcdn.net\/images\/emoji.php\/v9\/tbe\/1\/16\/1f4e7.png\"> agentialuximobiliare@gmail.com<\/p>\n\n\n\n<p class=\"wp-block-paragraph\"><img loading=\"lazy\" decoding=\"async\" height=\"16\" width=\"16\" alt=\"\ud83c\udf10\" src=\"https:\/\/static.xx.fbcdn.net\/images\/emoji.php\/v9\/taa\/1\/16\/1f310.png\"><a href=\"https:\/\/l.facebook.com\/l.php?u=http%3A%2F%2Fwww.agentialuximobiliare.ro%2F%3Ffbclid%3DIwcGRvZgFleHRuA2FlbQIxMABicmlkETFydU1aTWNqcDMwR0ppQ3FGc3J0YwZhcHBfaWQQMjIyMDM5MTc4ODIwMDg5MgABHhtMXuUni6EOt2M9Ed0jfYqhJm4bNFPJRsRSnCnX9ld8ARfN8wCJnjnY5VeI_aem_PlPf2ajhbaht6tBHTjDU4w&amp;h=AUDgZ7hJbNcAJ9RM8MYZxOzj8wm4iF5UYlfF4YiZz2GBC8TagKqILtJac58SlkT9b0SquAhdnkjnaonFJreN0C2IcehdO_Nw5Chq2wm7y5v4cQ_V64w0Zb7f_WL3h-6jPMx8vBC-kROQTlY_&amp;__tn__=-UK-R&amp;c[0]=AUBABsMKsB-t7s7irDBWDbGIo5hg47lZmPW1zJNeRJs6qZs1KoGpKMoJbc8DmaLlQz-ulrp79hN5cc-_fiJLPGll7sThTDTK99Jfhix3o5x11L1eVS16V2tFjjnSi57HRUcPdTYr-v1sfLu5dNdzQWfMXqpdZEqc_BLcQpnXhmK-ZXvCGmGWtMsVKEcfjSg\" rel=\"noopener\" target=\"_blank\">www.agentialuximobiliare.ro<\/a><\/p>\n\n\n\n<p class=\"wp-block-paragraph\"><img loading=\"lazy\" decoding=\"async\" height=\"16\" width=\"16\" alt=\"\ud83d\udccd\" src=\"https:\/\/static.xx.fbcdn.net\/images\/emoji.php\/v9\/t2d\/1\/16\/1f4cd.png\"> Sediul LUX Imobiliare: Str. Babadag, Nr. 12, Bl. 6, Parter (vis-a-vis de CEC Bank)<\/p>\n\n\n\n<p class=\"wp-block-paragraph\"><img loading=\"lazy\" decoding=\"async\" height=\"16\" width=\"16\" alt=\"\ud83d\udcf2\" src=\"https:\/\/static.xx.fbcdn.net\/images\/emoji.php\/v9\/td8\/1\/16\/1f4f2.png\"> Urm\u0103re\u0219te-ne pe Facebook, Instagram, TikTok \u0219i YouTube<\/p>\n","protected":false},"excerpt":{"rendered":"<p>OPORTUNITATE ULTRACENTRAL\u0102 | Spa\u021biu Comercial 116 mp | Vitrin\u0103 10 m | Zona Pia\u021ba Civic\u0103 \u2013 Falez\u0103 | 3.500 \u20ac \/ lun\u0103 C\u0103u\u021bi loca\u021bia ideal\u0103 cu vizibilitate maxim\u0103 pentru afacerea ta? LUX Imobiliare \u00ee\u021bi propune spre \u00eenchiriere un spa\u021biu comercial premium, situat chiar \u00een inima comercial\u0103 a ora\u0219ului, \u00eentr-o zon\u0103 extrem de c\u0103utat\u0103 cu trafic pietonal \u0219i auto intens! De ce este spa\u021biul perfect &#8230;<\/p>","protected":false},"featured_media":27829,"comment_status":"open","ping_status":"closed","template":"","property_category":[85],"property_action_category":[52],"property_city":[81],"property_area":[82],"property_county_state":[43],"property_features":[193,143,145,83,144,146,142,147,192],"property_status":[84,166],"class_list":["post-27828","estate_property","type-estate_property","status-publish","has-post-thumbnail","hentry","property_category-spatiu-comercial","property_action_category-inchirieri","property_city-tulcea","property_area-ultracentral","property_county_state-tulcea","property_features-acces-stradal","property_features-apa","property_features-canalizare","property_features-centrala","property_features-curent","property_features-gaze","property_features-utilitati","property_features-vedere-stradala","property_features-vitrina","property_status-buna","property_status-la-cheie"],"_links":{"self":[{"href":"https:\/\/agentialuximobiliare.ro\/en\/wp-json\/wp\/v2\/estate_property\/27828","targetHints":{"allow":["GET"]}}],"collection":[{"href":"https:\/\/agentialuximobiliare.ro\/en\/wp-json\/wp\/v2\/estate_property"}],"about":[{"href":"https:\/\/agentialuximobiliare.ro\/en\/wp-json\/wp\/v2\/types\/estate_property"}],"replies":[{"embeddable":true,"href":"https:\/\/agentialuximobiliare.ro\/en\/wp-json\/wp\/v2\/comments?post=27828"}],"wp:featuredmedia":[{"embeddable":true,"href":"https:\/\/agentialuximobiliare.ro\/en\/wp-json\/wp\/v2\/media\/27829"}],"wp:attachment":[{"href":"https:\/\/agentialuximobiliare.ro\/en\/wp-json\/wp\/v2\/media?parent=27828"}],"wp:term":[{"taxonomy":"property_category","embeddable":true,"href":"https:\/\/agentialuximobiliare.ro\/en\/wp-json\/wp\/v2\/property_category?post=27828"},{"taxonomy":"property_action_category","embeddable":true,"href":"https:\/\/agentialuximobiliare.ro\/en\/wp-json\/wp\/v2\/property_action_category?post=27828"},{"taxonomy":"property_city","embeddable":true,"href":"https:\/\/agentialuximobiliare.ro\/en\/wp-json\/wp\/v2\/property_city?post=27828"},{"taxonomy":"property_area","embeddable":true,"href":"https:\/\/agentialuximobiliare.ro\/en\/wp-json\/wp\/v2\/property_area?post=27828"},{"taxonomy":"property_county_state","embeddable":true,"href":"https:\/\/agentialuximobiliare.ro\/en\/wp-json\/wp\/v2\/property_county_state?post=27828"},{"taxonomy":"property_features","embeddable":true,"href":"https:\/\/agentialuximobiliare.ro\/en\/wp-json\/wp\/v2\/property_features?post=27828"},{"taxonomy":"property_status","embeddable":true,"href":"https:\/\/agentialuximobiliare.ro\/en\/wp-json\/wp\/v2\/property_status?post=27828"}],"curies":[{"name":"wp","href":"https:\/\/api.w.org\/{rel}","templated":true}]}}