{"id":27849,"date":"2026-09-02T15:42:05","date_gmt":"2026-09-02T12:42:05","guid":{"rendered":"https:\/\/agentialuximobiliare.ro\/?post_type=estate_property&#038;p=27849"},"modified":"2026-09-02T15:42:06","modified_gmt":"2026-09-02T12:42:06","slug":"id-20050-apartament-2-camere-ultracentral-piata-civica","status":"publish","type":"estate_property","link":"https:\/\/agentialuximobiliare.ro\/en\/proprietate\/id-20050-apartament-2-camere-ultracentral-piata-civica\/","title":{"rendered":"ID 20050 &#8211; APARTAMENT 2 CAMERE ULTRACENTRAL &#8211; PIATA CIVICA"},"content":{"rendered":"\n<p class=\"wp-block-paragraph\">APARTAMENT 2 CAMERE DECOMANDAT | Zona Ultracentral\u0103 (Pia\u021ba Civic\u0103) | Mobilat &amp; Utilat Complet | 90.000 \u20ac<\/p>\n\n\n\n<p class=\"wp-block-paragraph\">\u00ce\u021bi dore\u0219ti s\u0103 locuie\u0219ti chiar \u00een inima ora\u0219ului, unde pulsul urban se \u00eent\u00e2lne\u0219te cu lini\u0219tea c\u0103minului t\u0103u? LUX Imobiliare \u00ee\u021bi prezint\u0103 un apartament primitor, gata de mutat, situat ULTRACENTRAL!<\/p>\n\n\n\n<p class=\"wp-block-paragraph\">\u2022 Suprafa\u021b\u0103: 60,1 mp<\/p>\n\n\n\n<p class=\"wp-block-paragraph\">\u2022 Decomandat<\/p>\n\n\n\n<p class=\"wp-block-paragraph\">\u2022 Compartimentare practic\u0103: Hol cu c\u0103mar\u0103\/debara pentru depozitare, living generos cu ie\u0219ire \u00een balcon, dormitor confortabil, buc\u0103t\u0103rie \u0219i baie<\/p>\n\n\n\n<p class=\"wp-block-paragraph\">\u2022 Vedere bilateral\u0103 (lumin\u0103 natural\u0103 pe tot parcursul zilei)<\/p>\n\n\n\n<p class=\"wp-block-paragraph\">\u2022 Gata de mutare: Se vinde complet mobilat \u0219i utilat<\/p>\n\n\n\n<p class=\"wp-block-paragraph\">\u2022 Confort termic: Central\u0103 proprie pe gaz + 2 aparate de aer condi\u021bionat<\/p>\n\n\n\n<p class=\"wp-block-paragraph\">\u2022 Etaj: 4\/4 (hidroizola\u021bie \u00een stare impecabil\u0103, f\u0103r\u0103 probleme)<\/p>\n\n\n\n<p class=\"wp-block-paragraph\"><img decoding=\"async\" height=\"16\" width=\"16\" alt=\"\ud83d\udccd\" src=\"https:\/\/static.xx.fbcdn.net\/images\/emoji.php\/v9\/t2d\/1\/16\/1f4cd.png\"> Loca\u021bie de top: Acces pe jos \u00een c\u00e2teva minute la b\u0103nci, \u0219coli, magazine \u0219i zona de promenad\u0103 a Falezei si a Pietei Civice.<\/p>\n\n\n\n<p class=\"wp-block-paragraph\"><img decoding=\"async\" height=\"16\" width=\"16\" alt=\"\ud83d\udcb6\" src=\"https:\/\/static.xx.fbcdn.net\/images\/emoji.php\/v9\/t60\/1\/16\/1f4b6.png\"> Pre\u021b: 90.000 \u20ac<\/p>\n\n\n\n<p class=\"wp-block-paragraph\"><img decoding=\"async\" height=\"16\" width=\"16\" alt=\"\ud83d\udcde\" src=\"https:\/\/static.xx.fbcdn.net\/images\/emoji.php\/v9\/t4d\/1\/16\/1f4de.png\"> Sun\u0103 pentru detalii \u0219i programarea unei vizion\u0103ri:<\/p>\n\n\n\n<p class=\"wp-block-paragraph\">\u2022 Marin Nicolae: <a href=\"https:\/\/l.facebook.com\/l.php?u=https%3A%2F%2Fapi.whatsapp.com%2Fsend%3Fphone%3D40740374650%26token%3DeyJhbGciOiJFUzI1NiIsInR5cCI6IkpXVCIsImtpZCI6IjEyNSJ9.eyJleHAiOjE3ODg0MzY5MzQsInBob25lIjoiNDA3NDAzNzQ2NTAiLCJ0ZXh0IjoiTGluazpcbmh0dHBzOlwvXC9mYi5tZVwvOURoSk83MzlIXG5cbkFtIHZcdTAxMDN6dXQgYXN0YSBwZSBGYWNlYm9vay4uLiIsImFwcCI6ImZhY2Vib29rIn0.x5AUxYjO_JZh7-HzDHRvRRkOK7VYqmKrkieWD4oYdxbYuo3a2mCcD_vvMaINPrY7pZ5QOV5U9O3a3w97DMJ9fA%26fbclid%3DIwcGRvZgFleHRuA2FlbQIxMABicmlkETFzZ2VsMHJhVVpFUzduWWZRc3J0YwZhcHBfaWQQMjIyMDM5MTc4ODIwMDg5MgABHsrUqnCW6uLBYGcWXHinyXtFDGxVYEvO8QuGI6Ft-SbG_thcFz5SwpUbh7Tm_aem_k337wOD0fa_PSp0nzQlbtQ&amp;h=AUA6HhKLyZexQjnJzViDdwCBTkF-pbOQ1AQwlLZW-hvlFI1XXfV-BcndXYap4k2lu-SfNLhczql1TaFUo0l8gmqtc8jCRUMsjk9nqEpcalXKPAeWMSaGyyz_gLKlfEr3p9EK8w&amp;__tn__=-UK-R&amp;c[0]=AUDyE_2ukop2blpWGluEm7RFWqy9aNajEhJrOFWpicZBNxW8_9_rAr_gRVJ1bnOD8F53xsNwVMolQOlHB_ookn4L0mIXLHTbOVlGTjI4jTJdI2W457i-fWxmEZ04ejzDo-GUS1ClIGILYMPCmXoSW8a1TQzJD4BmksGcVd4OUO_Df8REYKtDmcz2C2hYX8A\" rel=\"noopener\" target=\"_blank\">0740 374 650<\/a><\/p>\n\n\n\n<p class=\"wp-block-paragraph\">\u2022 Alina: 0744 814 740<\/p>\n\n\n\n<p class=\"wp-block-paragraph\">\u2022 Ioana: 0756 557 146<\/p>\n\n\n\n<p class=\"wp-block-paragraph\"><img loading=\"lazy\" decoding=\"async\" height=\"16\" width=\"16\" alt=\"\ud83d\udce7\" src=\"https:\/\/static.xx.fbcdn.net\/images\/emoji.php\/v9\/tbe\/1\/16\/1f4e7.png\"> agentialuximobiliare@gmail.com<\/p>\n\n\n\n<p class=\"wp-block-paragraph\"><img loading=\"lazy\" decoding=\"async\" height=\"16\" width=\"16\" alt=\"\ud83c\udf10\" src=\"https:\/\/static.xx.fbcdn.net\/images\/emoji.php\/v9\/taa\/1\/16\/1f310.png\"><a href=\"https:\/\/l.facebook.com\/l.php?u=http%3A%2F%2Fwww.agentialuximobiliare.ro%2F%3Ffbclid%3DIwcGRvZgFleHRuA2FlbQIxMABicmlkETFzZ2VsMHJhVVpFUzduWWZRc3J0YwZhcHBfaWQQMjIyMDM5MTc4ODIwMDg5MgABHsQfpqEBXIoKxMWOh6b9aqnDHUyGLarEQ3RyfbCESbD7qNIWPNbLj1PuqJcF_aem_i71WOrKg0XXx7QyTWkNNUQ&amp;h=AUDW2fZY8Q9AkTaABhEBk5VMl75-Nl78sV7bYPjfwanmaTyDxpubQGZ35G5D7DgPKL4SWrkTReixMbgjIwdeoOjycLpHp67B0DTff_Gg-35qV0bdAWJkT13Kf3Z-iYBWj8zU2vNcPMAPsYXp&amp;__tn__=-UK-R&amp;c[0]=AUDyE_2ukop2blpWGluEm7RFWqy9aNajEhJrOFWpicZBNxW8_9_rAr_gRVJ1bnOD8F53xsNwVMolQOlHB_ookn4L0mIXLHTbOVlGTjI4jTJdI2W457i-fWxmEZ04ejzDo-GUS1ClIGILYMPCmXoSW8a1TQzJD4BmksGcVd4OUO_Df8REYKtDmcz2C2hYX8A\" rel=\"noopener\" target=\"_blank\">www.agentialuximobiliare.ro<\/a><\/p>\n\n\n\n<p class=\"wp-block-paragraph\"><img decoding=\"async\" height=\"16\" width=\"16\" alt=\"\ud83d\udccd\" src=\"https:\/\/static.xx.fbcdn.net\/images\/emoji.php\/v9\/t2d\/1\/16\/1f4cd.png\"> Sediul LUX Imobiliare: Str. Babadag, Nr. 12, Bl. 6, Parter (vis-a-vis de CEC Bank)<\/p>\n\n\n\n<p class=\"wp-block-paragraph\"><img loading=\"lazy\" decoding=\"async\" height=\"16\" width=\"16\" alt=\"\ud83d\udcf2\" src=\"https:\/\/static.xx.fbcdn.net\/images\/emoji.php\/v9\/td8\/1\/16\/1f4f2.png\"> Urm\u0103re\u0219te-ne pe Facebook, Instagram, TikTok \u0219i YouTube<\/p>\n\n\n\n<figure class=\"wp-block-embed is-type-video is-provider-youtube wp-block-embed-youtube wp-embed-aspect-16-9 wp-has-aspect-ratio\"><div class=\"wp-block-embed__wrapper\">\n<div class=\"video-container\"><iframe title=\"ID 20050 - APARTAMENT 2 CAMERE | Zona Ultracentral\u0103 (Pia\u021ba Civic\u0103) | Mobilat &amp; Utilat Complet\" width=\"1200\" height=\"675\" src=\"https:\/\/www.youtube.com\/embed\/tLuyfZICE60?feature=oembed\" frameborder=\"0\" allow=\"accelerometer; autoplay; clipboard-write; encrypted-media; gyroscope; picture-in-picture; web-share\" referrerpolicy=\"strict-origin-when-cross-origin\" allowfullscreen><\/iframe><\/div>\n<\/div><\/figure>\n","protected":false},"excerpt":{"rendered":"<p>APARTAMENT 2 CAMERE DECOMANDAT | Zona Ultracentral\u0103 (Pia\u021ba Civic\u0103) | Mobilat &amp; Utilat Complet | 90.000 \u20ac \u00ce\u021bi dore\u0219ti s\u0103 locuie\u0219ti chiar \u00een inima ora\u0219ului, unde pulsul urban se \u00eent\u00e2lne\u0219te cu lini\u0219tea c\u0103minului t\u0103u? LUX Imobiliare \u00ee\u021bi prezint\u0103 un apartament primitor, gata de mutat, situat ULTRACENTRAL! \u2022 Suprafa\u021b\u0103: 60,1 mp \u2022 Decomandat \u2022 Compartimentare practic\u0103: Hol cu c\u0103mar\u0103\/debara pentru depozitare, living generos cu ie\u0219ire &#8230;<\/p>","protected":false},"featured_media":27850,"comment_status":"open","ping_status":"closed","template":"","property_category":[88,22],"property_action_category":[54],"property_city":[81],"property_area":[82],"property_county_state":[43],"property_features":[150,222,86,148,119,83,117,217,127,128,153],"property_status":[84,166],"class_list":["post-27849","estate_property","type-estate_property","status-publish","has-post-thumbnail","hentry","property_category-2-camere","property_category-apartmente","property_action_category-vanzari","property_city-tulcea","property_area-ultracentral","property_county_state-tulcea","property_features-150","property_features-222","property_features-aer-conditionat","property_features-balcon","property_features-camara-debara","property_features-centrala","property_features-decomandat","property_features-etaj","property_features-mobilat","property_features-utilat","property_features-vedere-bilaterala","property_status-buna","property_status-la-cheie"],"_links":{"self":[{"href":"https:\/\/agentialuximobiliare.ro\/en\/wp-json\/wp\/v2\/estate_property\/27849","targetHints":{"allow":["GET"]}}],"collection":[{"href":"https:\/\/agentialuximobiliare.ro\/en\/wp-json\/wp\/v2\/estate_property"}],"about":[{"href":"https:\/\/agentialuximobiliare.ro\/en\/wp-json\/wp\/v2\/types\/estate_property"}],"replies":[{"embeddable":true,"href":"https:\/\/agentialuximobiliare.ro\/en\/wp-json\/wp\/v2\/comments?post=27849"}],"wp:featuredmedia":[{"embeddable":true,"href":"https:\/\/agentialuximobiliare.ro\/en\/wp-json\/wp\/v2\/media\/27850"}],"wp:attachment":[{"href":"https:\/\/agentialuximobiliare.ro\/en\/wp-json\/wp\/v2\/media?parent=27849"}],"wp:term":[{"taxonomy":"property_category","embeddable":true,"href":"https:\/\/agentialuximobiliare.ro\/en\/wp-json\/wp\/v2\/property_category?post=27849"},{"taxonomy":"property_action_category","embeddable":true,"href":"https:\/\/agentialuximobiliare.ro\/en\/wp-json\/wp\/v2\/property_action_category?post=27849"},{"taxonomy":"property_city","embeddable":true,"href":"https:\/\/agentialuximobiliare.ro\/en\/wp-json\/wp\/v2\/property_city?post=27849"},{"taxonomy":"property_area","embeddable":true,"href":"https:\/\/agentialuximobiliare.ro\/en\/wp-json\/wp\/v2\/property_area?post=27849"},{"taxonomy":"property_county_state","embeddable":true,"href":"https:\/\/agentialuximobiliare.ro\/en\/wp-json\/wp\/v2\/property_county_state?post=27849"},{"taxonomy":"property_features","embeddable":true,"href":"https:\/\/agentialuximobiliare.ro\/en\/wp-json\/wp\/v2\/property_features?post=27849"},{"taxonomy":"property_status","embeddable":true,"href":"https:\/\/agentialuximobiliare.ro\/en\/wp-json\/wp\/v2\/property_status?post=27849"}],"curies":[{"name":"wp","href":"https:\/\/api.w.org\/{rel}","templated":true}]}}