{"id":27902,"date":"2026-09-04T16:13:53","date_gmt":"2026-09-04T13:13:53","guid":{"rendered":"https:\/\/agentialuximobiliare.ro\/?post_type=estate_property&#038;p=27902"},"modified":"2026-09-04T16:13:55","modified_gmt":"2026-09-04T13:13:55","slug":"id-20051-apartament-2-camere-cartier-e3-etaj-1","status":"publish","type":"estate_property","link":"https:\/\/agentialuximobiliare.ro\/en\/proprietate\/id-20051-apartament-2-camere-cartier-e3-etaj-1\/","title":{"rendered":"ID 20051 Apartament 2 camere \u2013 Cartier E3- ETAJ 1"},"content":{"rendered":"<p class=\"wp-block-paragraph\">Agen\u021bia LUX Imobiliare v\u0103 propune spre v\u00e2nzare un apartament cu 2 camere, situat \u00een cartierul E3, una dintre cele mai apreciate zone ale ora\u0219ului, datorit\u0103 accesului rapid c\u0103tre \u0219coli, gr\u0103dini\u021be, supermarketuri, farmacii, restaurante \u0219i alte puncte de interes.<\/p>\n\n\n\n<p class=\"wp-block-paragraph\">Apartamentul este amplasat la etajul 1 al imobilului \u0219i are o suprafa\u021b\u0103 de 54 mp.<\/p>\n\n\n\n<p class=\"wp-block-paragraph\">Compartimentarea ofer\u0103 un spa\u021biu generos \u0219i func\u021bional, fiind compus din:<\/p>\n\n\n\n<p class=\"wp-block-paragraph\">-living;<\/p>\n\n\n\n<p class=\"wp-block-paragraph\">-dormitor;<\/p>\n\n\n\n<p class=\"wp-block-paragraph\">-buc\u0103t\u0103rie ;<\/p>\n\n\n\n<p class=\"wp-block-paragraph\">-baie<\/p>\n\n\n\n<p class=\"wp-block-paragraph\">-balcon \u00eenchis.<\/p>\n\n\n\n<p class=\"wp-block-paragraph\">-spatii de depozitare<\/p>\n\n\n\n<p class=\"wp-block-paragraph\">Locuin\u021ba este dotat\u0103 cu central\u0103 termic\u0103 pe gaz.<\/p>\n\n\n\n<p class=\"wp-block-paragraph\">Pre\u021b: 75.000 EURO<\/p>\n\n\n\n<p class=\"wp-block-paragraph\">Pentru informa\u021bii suplimentare sau programarea unei vizion\u0103ri, v\u0103 rug\u0103m s\u0103 contacta\u021bi reprezentan\u021bii LUX Imobiliare:<\/p>\n\n\n\n<p class=\"wp-block-paragraph\">Marin Nicolae \u2013 0740 374 650<\/p>\n\n\n\n<p class=\"wp-block-paragraph\">Alina \u2013 0744 814 740<\/p>\n\n\n\n<p class=\"wp-block-paragraph\">Ioana \u2013 0756 557 146<\/p>\n\n\n\n<p class=\"wp-block-paragraph\">Ne pute\u021bi contacta \u0219i prin e-mail la agentialuximobiliare@gmail.com sau ne pute\u021bi vizita la sediul agen\u021biei din Strada Babadag nr. 12, Bloc 6, parter, vis-a-vis de CEC Bank<\/p>\n\n\n\n<figure class=\"wp-block-embed is-type-video is-provider-youtube wp-block-embed-youtube wp-embed-aspect-16-9 wp-has-aspect-ratio\"><div class=\"wp-block-embed__wrapper\">\n<div class=\"video-container\"><iframe title=\"ID 20051 Apartament 2 camere \u2013 Cartier E3- ETAJ 1\" width=\"1200\" height=\"675\" src=\"https:\/\/www.youtube.com\/embed\/hlPlQLBMAr8?feature=oembed\" frameborder=\"0\" allow=\"accelerometer; autoplay; clipboard-write; encrypted-media; gyroscope; picture-in-picture; web-share\" referrerpolicy=\"strict-origin-when-cross-origin\" allowfullscreen><\/iframe><\/div>\n<\/div><\/figure>","protected":false},"excerpt":{"rendered":"<p>Agen\u021bia LUX Imobiliare v\u0103 propune spre v\u00e2nzare un apartament cu 2 camere, situat \u00een cartierul E3, una dintre cele mai apreciate zone ale ora\u0219ului, datorit\u0103 accesului rapid c\u0103tre \u0219coli, gr\u0103dini\u021be, supermarketuri, farmacii, restaurante \u0219i alte puncte de interes. Apartamentul este amplasat la etajul 1 al imobilului \u0219i are o suprafa\u021b\u0103 de 54 mp. Compartimentarea ofer\u0103 un spa\u021biu generos \u0219i func\u021bional, fiind compus din: -living; &#8230;<\/p>","protected":false},"featured_media":27906,"comment_status":"open","ping_status":"closed","template":"","property_category":[88,22],"property_action_category":[54],"property_city":[81],"property_area":[102],"property_county_state":[43],"property_features":[150,219,148,83,117,217],"property_status":[],"class_list":["post-27902","estate_property","type-estate_property","status-publish","has-post-thumbnail","hentry","property_category-2-camere","property_category-apartmente","property_action_category-vanzari","property_city-tulcea","property_area-cartier-e3","property_county_state-tulcea","property_features-150","property_features-1-etaj","property_features-balcon","property_features-centrala","property_features-decomandat","property_features-etaj"],"_links":{"self":[{"href":"https:\/\/agentialuximobiliare.ro\/en\/wp-json\/wp\/v2\/estate_property\/27902","targetHints":{"allow":["GET"]}}],"collection":[{"href":"https:\/\/agentialuximobiliare.ro\/en\/wp-json\/wp\/v2\/estate_property"}],"about":[{"href":"https:\/\/agentialuximobiliare.ro\/en\/wp-json\/wp\/v2\/types\/estate_property"}],"replies":[{"embeddable":true,"href":"https:\/\/agentialuximobiliare.ro\/en\/wp-json\/wp\/v2\/comments?post=27902"}],"wp:featuredmedia":[{"embeddable":true,"href":"https:\/\/agentialuximobiliare.ro\/en\/wp-json\/wp\/v2\/media\/27906"}],"wp:attachment":[{"href":"https:\/\/agentialuximobiliare.ro\/en\/wp-json\/wp\/v2\/media?parent=27902"}],"wp:term":[{"taxonomy":"property_category","embeddable":true,"href":"https:\/\/agentialuximobiliare.ro\/en\/wp-json\/wp\/v2\/property_category?post=27902"},{"taxonomy":"property_action_category","embeddable":true,"href":"https:\/\/agentialuximobiliare.ro\/en\/wp-json\/wp\/v2\/property_action_category?post=27902"},{"taxonomy":"property_city","embeddable":true,"href":"https:\/\/agentialuximobiliare.ro\/en\/wp-json\/wp\/v2\/property_city?post=27902"},{"taxonomy":"property_area","embeddable":true,"href":"https:\/\/agentialuximobiliare.ro\/en\/wp-json\/wp\/v2\/property_area?post=27902"},{"taxonomy":"property_county_state","embeddable":true,"href":"https:\/\/agentialuximobiliare.ro\/en\/wp-json\/wp\/v2\/property_county_state?post=27902"},{"taxonomy":"property_features","embeddable":true,"href":"https:\/\/agentialuximobiliare.ro\/en\/wp-json\/wp\/v2\/property_features?post=27902"},{"taxonomy":"property_status","embeddable":true,"href":"https:\/\/agentialuximobiliare.ro\/en\/wp-json\/wp\/v2\/property_status?post=27902"}],"curies":[{"name":"wp","href":"https:\/\/api.w.org\/{rel}","templated":true}]}}