{"id":27915,"date":"2026-09-04T17:21:32","date_gmt":"2026-09-04T14:21:32","guid":{"rendered":"https:\/\/agentialuximobiliare.ro\/?post_type=estate_property&#038;p=27915"},"modified":"2026-09-04T17:21:33","modified_gmt":"2026-09-04T14:21:33","slug":"id-20053-apartament-de-vanzare-2-camere-strada-babadag","status":"publish","type":"estate_property","link":"https:\/\/agentialuximobiliare.ro\/en\/proprietate\/id-20053-apartament-de-vanzare-2-camere-strada-babadag\/","title":{"rendered":"ID 20053 Apartament de vanzare\u2013 2 camere- Strada Babadag"},"content":{"rendered":"\n<p class=\"wp-block-paragraph\"><img decoding=\"async\" height=\"16\" width=\"16\" alt=\"\ud83c\udfe1\" src=\"https:\/\/static.xx.fbcdn.net\/images\/emoji.php\/v9\/t77\/1\/16\/1f3e1.png\"> APARTAMENT DE V\u00c2NZARE \u2013STRADA BABADAG<\/p>\n\n\n\n<p class=\"wp-block-paragraph\">Dac\u0103 \u00ee\u021bi dore\u0219ti un apartament situat \u00eentr-o zon\u0103 central\u0103, cu acces rapid c\u0103tre toate punctele de interes ale ora\u0219ului, aceast\u0103 proprietate poate fi alegerea potrivit\u0103 pentru tine!<\/p>\n\n\n\n<p class=\"wp-block-paragraph\">&#8211; Strada Babadag \u2013 zon\u0103 central\u0103<\/p>\n\n\n\n<p class=\"wp-block-paragraph\">&#8211; Etaj 2<\/p>\n\n\n\n<p class=\"wp-block-paragraph\">&#8211; 62,38 mp suprafa\u021b\u0103 total\u0103<\/p>\n\n\n\n<p class=\"wp-block-paragraph\">Apartamentul beneficiaz\u0103 de o compartimentare practic\u0103 \u0219i de spa\u021bii generoase, fiind potrivit at\u00e2t pentru locuit, c\u00e2t \u0219i ca investi\u021bie.<\/p>\n\n\n\n<p class=\"wp-block-paragraph\">Livingul este luminos \u0219i ofer\u0103 acces c\u0103tre balcon, un spa\u021biu ideal pentru relaxare. Buc\u0103t\u0103ria dispune de spa\u021biu suficient, dormitorul ofer\u0103 confort \u0219i intimitate, iar baia este practic\u0103 \u0219i bine \u00eentre\u021binut\u0103, complet\u00e2nd func\u021bionalitatea apartamentului.<\/p>\n\n\n\n<p class=\"wp-block-paragraph\">&#8211; Strada Babadag, reprezint\u0103 unul dintre principalele avantaje ale propriet\u0103\u021bii, av\u00e2nd \u00een apropiere restaurante, cafenele, magazine, institu\u021bii \u0219i mijloace de transport.<\/p>\n\n\n\n<p class=\"wp-block-paragraph\">-Centrala pe gaz.<\/p>\n\n\n\n<p class=\"wp-block-paragraph\">O proprietate cu poten\u021bial, \u00eentr-o zon\u0103 foarte c\u0103utat\u0103!<\/p>\n\n\n\n<p class=\"wp-block-paragraph\">PRET: 87.000 EURO<\/p>\n\n\n\n<p class=\"wp-block-paragraph\"><img decoding=\"async\" height=\"16\" width=\"16\" alt=\"\ud83d\udcde\" src=\"https:\/\/static.xx.fbcdn.net\/images\/emoji.php\/v9\/t4d\/1\/16\/1f4de.png\"> Pentru mai multe detalii \u0219i program\u0103ri:<\/p>\n\n\n\n<p class=\"wp-block-paragraph\">Marin Nicolae \u2013 0740 374 650<\/p>\n\n\n\n<p class=\"wp-block-paragraph\">Alina \u2013 0744 814 740<\/p>\n\n\n\n<p class=\"wp-block-paragraph\">Ioana \u2013 0756 557 146<\/p>\n\n\n\n<p class=\"wp-block-paragraph\">agentialuximobiliare@gmail.com<\/p>\n\n\n\n<p class=\"wp-block-paragraph\"><a href=\"https:\/\/l.facebook.com\/l.php?u=http%3A%2F%2Fwww.agentialuximobiliare.ro%2F%3Ffbclid%3DIwcGRvZgFleHRuA2FlbQIxMABicmlkETFRZ0pWTmdhVjh2ZWU1QW5pc3J0YwZhcHBfaWQQMjIyMDM5MTc4ODIwMDg5MgABHp1c3LL5q5ZZvr6ZdKhSUwabywEPVTlM-VPyAMpLnHzEySGEbruZgxogyRQT_aem_NG2M4NIJ13sBz5JgNa7AUw&amp;h=AUAIXLoKzvzujOpsxAYMaFwtUHgCL1-B2Kh4R_yo9qtEenkZjDE2NAH0-YK9XTk6fze0qy8yLr6zec1TbnOOAwd84fgNv_Nhf1eFcoo43s8-kMI-4sEdGgrwLox37xK6iytC-6EupojlCWPO&amp;__tn__=-UK-R&amp;c[0]=AUDZGWyVfNCtLxbfTW8ivgMbaYQVTVikhXeJlvPa_ZYA1g18b6E-iVYRZ7bmA_kYLGJonNBo3QD5F9vahsrEE0EGqpFhWQx6qHN9up2YmoVKaLCQM2Brn-hoiK3UKUeMGJo6gLpD6z3ZshMj8es5F2xxlY63DLAClEpe9b0_WZCZvhsW1wkOBSn4qVGd8lE\" rel=\"noopener\" target=\"_blank\">www.agentialuximobiliare.ro<\/a><\/p>\n\n\n\n<p class=\"wp-block-paragraph\">LUX Imobiliare \u2013 Strada Babadag nr. 12, Bl. 6, Parter<\/p>\n\n\n\n<p class=\"wp-block-paragraph\">(vis-a-vis de CEC Bank)<\/p>\n\n\n\n<p class=\"wp-block-paragraph\">Suntem prezen\u021bi \u0219i pe Facebook, Instagram, TikTok \u0219i YouTube \u2013 Lux Imobiliare.<\/p>\n\n\n\n<figure class=\"wp-block-embed is-type-video is-provider-youtube wp-block-embed-youtube wp-embed-aspect-16-9 wp-has-aspect-ratio\"><div class=\"wp-block-embed__wrapper\">\n<div class=\"video-container\"><iframe title=\"ID 20053 Apartament de vanzare\u2013 2 camere- Strada Babadag\" width=\"1200\" height=\"675\" src=\"https:\/\/www.youtube.com\/embed\/xfVwCRGuYss?feature=oembed\" frameborder=\"0\" allow=\"accelerometer; autoplay; clipboard-write; encrypted-media; gyroscope; picture-in-picture; web-share\" referrerpolicy=\"strict-origin-when-cross-origin\" allowfullscreen><\/iframe><\/div>\n<\/div><\/figure>\n","protected":false},"excerpt":{"rendered":"<p>APARTAMENT DE V\u00c2NZARE \u2013STRADA BABADAG Dac\u0103 \u00ee\u021bi dore\u0219ti un apartament situat \u00eentr-o zon\u0103 central\u0103, cu acces rapid c\u0103tre toate punctele de interes ale ora\u0219ului, aceast\u0103 proprietate poate fi alegerea potrivit\u0103 pentru tine! &#8211; Strada Babadag \u2013 zon\u0103 central\u0103 &#8211; Etaj 2 &#8211; 62,38 mp suprafa\u021b\u0103 total\u0103 Apartamentul beneficiaz\u0103 de o compartimentare practic\u0103 \u0219i de spa\u021bii generoase, fiind potrivit at\u00e2t pentru locuit, c\u00e2t \u0219i ca &#8230;<\/p>","protected":false},"featured_media":27928,"comment_status":"open","ping_status":"closed","template":"","property_category":[88,22],"property_action_category":[54],"property_city":[81],"property_area":[99],"property_county_state":[43],"property_features":[148,83],"property_status":[87],"class_list":["post-27915","estate_property","type-estate_property","status-publish","has-post-thumbnail","hentry","property_category-2-camere","property_category-apartmente","property_action_category-vanzari","property_city-tulcea","property_area-babadag","property_county_state-tulcea","property_features-balcon","property_features-centrala","property_status-renovat"],"_links":{"self":[{"href":"https:\/\/agentialuximobiliare.ro\/en\/wp-json\/wp\/v2\/estate_property\/27915","targetHints":{"allow":["GET"]}}],"collection":[{"href":"https:\/\/agentialuximobiliare.ro\/en\/wp-json\/wp\/v2\/estate_property"}],"about":[{"href":"https:\/\/agentialuximobiliare.ro\/en\/wp-json\/wp\/v2\/types\/estate_property"}],"replies":[{"embeddable":true,"href":"https:\/\/agentialuximobiliare.ro\/en\/wp-json\/wp\/v2\/comments?post=27915"}],"wp:featuredmedia":[{"embeddable":true,"href":"https:\/\/agentialuximobiliare.ro\/en\/wp-json\/wp\/v2\/media\/27928"}],"wp:attachment":[{"href":"https:\/\/agentialuximobiliare.ro\/en\/wp-json\/wp\/v2\/media?parent=27915"}],"wp:term":[{"taxonomy":"property_category","embeddable":true,"href":"https:\/\/agentialuximobiliare.ro\/en\/wp-json\/wp\/v2\/property_category?post=27915"},{"taxonomy":"property_action_category","embeddable":true,"href":"https:\/\/agentialuximobiliare.ro\/en\/wp-json\/wp\/v2\/property_action_category?post=27915"},{"taxonomy":"property_city","embeddable":true,"href":"https:\/\/agentialuximobiliare.ro\/en\/wp-json\/wp\/v2\/property_city?post=27915"},{"taxonomy":"property_area","embeddable":true,"href":"https:\/\/agentialuximobiliare.ro\/en\/wp-json\/wp\/v2\/property_area?post=27915"},{"taxonomy":"property_county_state","embeddable":true,"href":"https:\/\/agentialuximobiliare.ro\/en\/wp-json\/wp\/v2\/property_county_state?post=27915"},{"taxonomy":"property_features","embeddable":true,"href":"https:\/\/agentialuximobiliare.ro\/en\/wp-json\/wp\/v2\/property_features?post=27915"},{"taxonomy":"property_status","embeddable":true,"href":"https:\/\/agentialuximobiliare.ro\/en\/wp-json\/wp\/v2\/property_status?post=27915"}],"curies":[{"name":"wp","href":"https:\/\/api.w.org\/{rel}","templated":true}]}}